{"id":6906,"date":"2021-02-09T13:47:12","date_gmt":"2021-02-09T13:47:12","guid":{"rendered":"https:\/\/caminosantiago.msalaskreacion.es\/localidades\/martes\/"},"modified":"2021-06-16T10:06:57","modified_gmt":"2021-06-16T10:06:57","slug":"martes","status":"publish","type":"localidades","link":"https:\/\/caminodesantiagoporaragon.com\/fr\/localites\/martes\/","title":{"rendered":"Martes"},"content":{"rendered":"\n<p>Depuis Martes, on peut voir, \u00e0 cinq kilom\u00e8tres, le rocher sur lequel se dresse Berd\u00fan, qui est la capitale de ce monde unique. Martes est \u00e0 la crois\u00e9e des chemins entre le Camino de Santiago, la rivi\u00e8re Arag\u00f3n et l&rsquo;acc\u00e8s aux Pyr\u00e9n\u00e9es. La rivi\u00e8re est large et donne du caract\u00e8re au village, qui veille sur le pont depuis les premi\u00e8res ann\u00e9es du Royaume d&rsquo;Aragon. Il faut voir l&rsquo;\u00e9glise paroissiale et son retable, et se promener dans ses coins pleins de charme et de d\u00e9tails d&rsquo;autres si\u00e8cles.<\/p>\n","protected":false},"featured_media":6373,"parent":0,"template":"","meta":[],"zona":[43],"class_list":["post-6906","localidades","type-localidades","status-publish","has-post-thumbnail","hentry","zona-aragon-fr"],"yoast_head":"<!-- This site is optimized with the Yoast SEO plugin v27.4 - https:\/\/yoast.com\/product\/yoast-seo-wordpress\/ -->\n<title>Martes - Camino de Santiago por Arag\u00f3n | Donde t\u00fa eres la estrella<\/title>\n<meta name=\"robots\" content=\"index, follow, max-snippet:-1, max-image-preview:large, max-video-preview:-1\" \/>\n<link rel=\"canonical\" href=\"https:\/\/caminodesantiagoporaragon.com\/fr\/localites\/martes\/\" \/>\n<meta property=\"og:locale\" content=\"fr_FR\" \/>\n<meta property=\"og:type\" content=\"article\" \/>\n<meta property=\"og:title\" content=\"Martes - Camino de Santiago por Arag\u00f3n | Donde t\u00fa eres la estrella\" \/>\n<meta property=\"og:description\" content=\"Depuis Martes, on peut voir, \u00e0 cinq kilom\u00e8tres, le rocher sur lequel se dresse Berd\u00fan, qui est la capitale de ce monde unique. Martes est \u00e0 la crois\u00e9e des chemins entre le Camino de Santiago, la rivi\u00e8re Arag\u00f3n et l&rsquo;acc\u00e8s aux Pyr\u00e9n\u00e9es. La rivi\u00e8re est large et donne du caract\u00e8re au village, qui veille sur [&hellip;]\" \/>\n<meta property=\"og:url\" content=\"https:\/\/caminodesantiagoporaragon.com\/fr\/localites\/martes\/\" \/>\n<meta property=\"og:site_name\" content=\"Camino de Santiago por Arag\u00f3n | Donde t\u00fa eres la estrella\" \/>\n<meta property=\"article:publisher\" content=\"https:\/\/www.facebook.com\/caminodesantiagoporaragon\/\" \/>\n<meta property=\"article:modified_time\" content=\"2021-06-16T10:06:57+00:00\" \/>\n<meta property=\"og:image\" content=\"https:\/\/caminodesantiagoporaragon.com\/wp-content\/uploads\/2021\/02\/descarga-10.jpg\" \/>\n\t<meta property=\"og:image:width\" content=\"1708\" \/>\n\t<meta property=\"og:image:height\" content=\"552\" \/>\n\t<meta property=\"og:image:type\" content=\"image\/jpeg\" \/>\n<meta name=\"twitter:card\" content=\"summary_large_image\" \/>\n<meta name=\"twitter:site\" content=\"@CSantiagoAragon\" \/>\n<script type=\"application\/ld+json\" class=\"yoast-schema-graph\">{\"@context\":\"https:\\\/\\\/schema.org\",\"@graph\":[{\"@type\":\"WebPage\",\"@id\":\"https:\\\/\\\/caminodesantiagoporaragon.com\\\/fr\\\/localites\\\/martes\\\/\",\"url\":\"https:\\\/\\\/caminodesantiagoporaragon.com\\\/fr\\\/localites\\\/martes\\\/\",\"name\":\"Martes - Camino de Santiago por Arag\u00f3n | Donde t\u00fa eres la estrella\",\"isPartOf\":{\"@id\":\"https:\\\/\\\/caminodesantiagoporaragon.com\\\/fr\\\/#website\"},\"primaryImageOfPage\":{\"@id\":\"https:\\\/\\\/caminodesantiagoporaragon.com\\\/fr\\\/localites\\\/martes\\\/#primaryimage\"},\"image\":{\"@id\":\"https:\\\/\\\/caminodesantiagoporaragon.com\\\/fr\\\/localites\\\/martes\\\/#primaryimage\"},\"thumbnailUrl\":\"https:\\\/\\\/caminodesantiagoporaragon.com\\\/wp-content\\\/uploads\\\/2021\\\/02\\\/descarga-10.jpg\",\"datePublished\":\"2021-02-09T13:47:12+00:00\",\"dateModified\":\"2021-06-16T10:06:57+00:00\",\"breadcrumb\":{\"@id\":\"https:\\\/\\\/caminodesantiagoporaragon.com\\\/fr\\\/localites\\\/martes\\\/#breadcrumb\"},\"inLanguage\":\"fr-FR\",\"potentialAction\":[{\"@type\":\"ReadAction\",\"target\":[\"https:\\\/\\\/caminodesantiagoporaragon.com\\\/fr\\\/localites\\\/martes\\\/\"]}]},{\"@type\":\"ImageObject\",\"inLanguage\":\"fr-FR\",\"@id\":\"https:\\\/\\\/caminodesantiagoporaragon.com\\\/fr\\\/localites\\\/martes\\\/#primaryimage\",\"url\":\"https:\\\/\\\/caminodesantiagoporaragon.com\\\/wp-content\\\/uploads\\\/2021\\\/02\\\/descarga-10.jpg\",\"contentUrl\":\"https:\\\/\\\/caminodesantiagoporaragon.com\\\/wp-content\\\/uploads\\\/2021\\\/02\\\/descarga-10.jpg\",\"width\":1708,\"height\":552,\"caption\":\"Martes\"},{\"@type\":\"BreadcrumbList\",\"@id\":\"https:\\\/\\\/caminodesantiagoporaragon.com\\\/fr\\\/localites\\\/martes\\\/#breadcrumb\",\"itemListElement\":[{\"@type\":\"ListItem\",\"position\":1,\"name\":\"Inicio\",\"item\":\"https:\\\/\\\/caminodesantiagoporaragon.com\\\/fr\\\/\"},{\"@type\":\"ListItem\",\"position\":2,\"name\":\"Localites\",\"item\":\"https:\\\/\\\/caminodesantiagoporaragon.com\\\/fr\\\/localites\\\/\"},{\"@type\":\"ListItem\",\"position\":3,\"name\":\"Martes\"}]},{\"@type\":\"WebSite\",\"@id\":\"https:\\\/\\\/caminodesantiagoporaragon.com\\\/fr\\\/#website\",\"url\":\"https:\\\/\\\/caminodesantiagoporaragon.com\\\/fr\\\/\",\"name\":\"Camino de Santiago por Arag\u00f3n | Donde t\u00fa eres la estrella\",\"description\":\"El Camino de Santiago por Arag\u00f3n es nuestro legado. Bienvenidos a vivir, a disfrutar y comprender el camino franc\u00e9s por Arag\u00f3n, Patrimonio de la Humanidad.\",\"publisher\":{\"@id\":\"https:\\\/\\\/caminodesantiagoporaragon.com\\\/fr\\\/#organization\"},\"potentialAction\":[{\"@type\":\"SearchAction\",\"target\":{\"@type\":\"EntryPoint\",\"urlTemplate\":\"https:\\\/\\\/caminodesantiagoporaragon.com\\\/fr\\\/?s={search_term_string}\"},\"query-input\":{\"@type\":\"PropertyValueSpecification\",\"valueRequired\":true,\"valueName\":\"search_term_string\"}}],\"inLanguage\":\"fr-FR\"},{\"@type\":\"Organization\",\"@id\":\"https:\\\/\\\/caminodesantiagoporaragon.com\\\/fr\\\/#organization\",\"name\":\"Turismo de Arag\u00f3n\",\"url\":\"https:\\\/\\\/caminodesantiagoporaragon.com\\\/fr\\\/\",\"logo\":{\"@type\":\"ImageObject\",\"inLanguage\":\"fr-FR\",\"@id\":\"https:\\\/\\\/caminodesantiagoporaragon.com\\\/fr\\\/#\\\/schema\\\/logo\\\/image\\\/\",\"url\":\"https:\\\/\\\/caminodesantiagoporaragon.com\\\/wp-content\\\/uploads\\\/2021\\\/07\\\/foro-profesionales-turismo-de-aragon.jpg\",\"contentUrl\":\"https:\\\/\\\/caminodesantiagoporaragon.com\\\/wp-content\\\/uploads\\\/2021\\\/07\\\/foro-profesionales-turismo-de-aragon.jpg\",\"width\":429,\"height\":415,\"caption\":\"Turismo de Arag\u00f3n\"},\"image\":{\"@id\":\"https:\\\/\\\/caminodesantiagoporaragon.com\\\/fr\\\/#\\\/schema\\\/logo\\\/image\\\/\"},\"sameAs\":[\"https:\\\/\\\/www.facebook.com\\\/caminodesantiagoporaragon\\\/\",\"https:\\\/\\\/x.com\\\/CSantiagoAragon\",\"https:\\\/\\\/www.instagram.com\\\/caminodesantiagoporaragon\\\/\",\"https:\\\/\\\/www.youtube.com\\\/channel\\\/UCxJoNlG90Gi-WjTm24Jgkag\"]}]}<\/script>\n<!-- \/ Yoast SEO plugin. -->","yoast_head_json":{"title":"Martes - Camino de Santiago por Arag\u00f3n | Donde t\u00fa eres la estrella","robots":{"index":"index","follow":"follow","max-snippet":"max-snippet:-1","max-image-preview":"max-image-preview:large","max-video-preview":"max-video-preview:-1"},"canonical":"https:\/\/caminodesantiagoporaragon.com\/fr\/localites\/martes\/","og_locale":"fr_FR","og_type":"article","og_title":"Martes - Camino de Santiago por Arag\u00f3n | Donde t\u00fa eres la estrella","og_description":"Depuis Martes, on peut voir, \u00e0 cinq kilom\u00e8tres, le rocher sur lequel se dresse Berd\u00fan, qui est la capitale de ce monde unique. Martes est \u00e0 la crois\u00e9e des chemins entre le Camino de Santiago, la rivi\u00e8re Arag\u00f3n et l&rsquo;acc\u00e8s aux Pyr\u00e9n\u00e9es. La rivi\u00e8re est large et donne du caract\u00e8re au village, qui veille sur [&hellip;]","og_url":"https:\/\/caminodesantiagoporaragon.com\/fr\/localites\/martes\/","og_site_name":"Camino de Santiago por Arag\u00f3n | Donde t\u00fa eres la estrella","article_publisher":"https:\/\/www.facebook.com\/caminodesantiagoporaragon\/","article_modified_time":"2021-06-16T10:06:57+00:00","og_image":[{"width":1708,"height":552,"url":"https:\/\/caminodesantiagoporaragon.com\/wp-content\/uploads\/2021\/02\/descarga-10.jpg","type":"image\/jpeg"}],"twitter_card":"summary_large_image","twitter_site":"@CSantiagoAragon","schema":{"@context":"https:\/\/schema.org","@graph":[{"@type":"WebPage","@id":"https:\/\/caminodesantiagoporaragon.com\/fr\/localites\/martes\/","url":"https:\/\/caminodesantiagoporaragon.com\/fr\/localites\/martes\/","name":"Martes - Camino de Santiago por Arag\u00f3n | Donde t\u00fa eres la estrella","isPartOf":{"@id":"https:\/\/caminodesantiagoporaragon.com\/fr\/#website"},"primaryImageOfPage":{"@id":"https:\/\/caminodesantiagoporaragon.com\/fr\/localites\/martes\/#primaryimage"},"image":{"@id":"https:\/\/caminodesantiagoporaragon.com\/fr\/localites\/martes\/#primaryimage"},"thumbnailUrl":"https:\/\/caminodesantiagoporaragon.com\/wp-content\/uploads\/2021\/02\/descarga-10.jpg","datePublished":"2021-02-09T13:47:12+00:00","dateModified":"2021-06-16T10:06:57+00:00","breadcrumb":{"@id":"https:\/\/caminodesantiagoporaragon.com\/fr\/localites\/martes\/#breadcrumb"},"inLanguage":"fr-FR","potentialAction":[{"@type":"ReadAction","target":["https:\/\/caminodesantiagoporaragon.com\/fr\/localites\/martes\/"]}]},{"@type":"ImageObject","inLanguage":"fr-FR","@id":"https:\/\/caminodesantiagoporaragon.com\/fr\/localites\/martes\/#primaryimage","url":"https:\/\/caminodesantiagoporaragon.com\/wp-content\/uploads\/2021\/02\/descarga-10.jpg","contentUrl":"https:\/\/caminodesantiagoporaragon.com\/wp-content\/uploads\/2021\/02\/descarga-10.jpg","width":1708,"height":552,"caption":"Martes"},{"@type":"BreadcrumbList","@id":"https:\/\/caminodesantiagoporaragon.com\/fr\/localites\/martes\/#breadcrumb","itemListElement":[{"@type":"ListItem","position":1,"name":"Inicio","item":"https:\/\/caminodesantiagoporaragon.com\/fr\/"},{"@type":"ListItem","position":2,"name":"Localites","item":"https:\/\/caminodesantiagoporaragon.com\/fr\/localites\/"},{"@type":"ListItem","position":3,"name":"Martes"}]},{"@type":"WebSite","@id":"https:\/\/caminodesantiagoporaragon.com\/fr\/#website","url":"https:\/\/caminodesantiagoporaragon.com\/fr\/","name":"Camino de Santiago por Arag\u00f3n | Donde t\u00fa eres la estrella","description":"El Camino de Santiago por Arag\u00f3n es nuestro legado. Bienvenidos a vivir, a disfrutar y comprender el camino franc\u00e9s por Arag\u00f3n, Patrimonio de la Humanidad.","publisher":{"@id":"https:\/\/caminodesantiagoporaragon.com\/fr\/#organization"},"potentialAction":[{"@type":"SearchAction","target":{"@type":"EntryPoint","urlTemplate":"https:\/\/caminodesantiagoporaragon.com\/fr\/?s={search_term_string}"},"query-input":{"@type":"PropertyValueSpecification","valueRequired":true,"valueName":"search_term_string"}}],"inLanguage":"fr-FR"},{"@type":"Organization","@id":"https:\/\/caminodesantiagoporaragon.com\/fr\/#organization","name":"Turismo de Arag\u00f3n","url":"https:\/\/caminodesantiagoporaragon.com\/fr\/","logo":{"@type":"ImageObject","inLanguage":"fr-FR","@id":"https:\/\/caminodesantiagoporaragon.com\/fr\/#\/schema\/logo\/image\/","url":"https:\/\/caminodesantiagoporaragon.com\/wp-content\/uploads\/2021\/07\/foro-profesionales-turismo-de-aragon.jpg","contentUrl":"https:\/\/caminodesantiagoporaragon.com\/wp-content\/uploads\/2021\/07\/foro-profesionales-turismo-de-aragon.jpg","width":429,"height":415,"caption":"Turismo de Arag\u00f3n"},"image":{"@id":"https:\/\/caminodesantiagoporaragon.com\/fr\/#\/schema\/logo\/image\/"},"sameAs":["https:\/\/www.facebook.com\/caminodesantiagoporaragon\/","https:\/\/x.com\/CSantiagoAragon","https:\/\/www.instagram.com\/caminodesantiagoporaragon\/","https:\/\/www.youtube.com\/channel\/UCxJoNlG90Gi-WjTm24Jgkag"]}]}},"_links":{"self":[{"href":"https:\/\/caminodesantiagoporaragon.com\/fr\/wp-json\/wp\/v2\/localidades\/6906","targetHints":{"allow":["GET"]}}],"collection":[{"href":"https:\/\/caminodesantiagoporaragon.com\/fr\/wp-json\/wp\/v2\/localidades"}],"about":[{"href":"https:\/\/caminodesantiagoporaragon.com\/fr\/wp-json\/wp\/v2\/types\/localidades"}],"version-history":[{"count":0,"href":"https:\/\/caminodesantiagoporaragon.com\/fr\/wp-json\/wp\/v2\/localidades\/6906\/revisions"}],"wp:featuredmedia":[{"embeddable":true,"href":"https:\/\/caminodesantiagoporaragon.com\/fr\/wp-json\/wp\/v2\/media\/6373"}],"wp:attachment":[{"href":"https:\/\/caminodesantiagoporaragon.com\/fr\/wp-json\/wp\/v2\/media?parent=6906"}],"wp:term":[{"taxonomy":"zona","embeddable":true,"href":"https:\/\/caminodesantiagoporaragon.com\/fr\/wp-json\/wp\/v2\/zona?post=6906"}],"curies":[{"name":"wp","href":"https:\/\/api.w.org\/{rel}","templated":true}]}}