{"id":6916,"date":"2021-02-09T13:51:37","date_gmt":"2021-02-09T13:51:37","guid":{"rendered":"https:\/\/caminosantiago.msalaskreacion.es\/localidades\/artieda\/"},"modified":"2021-06-16T10:15:39","modified_gmt":"2021-06-16T10:15:39","slug":"artieda","status":"publish","type":"localidades","link":"https:\/\/caminodesantiagoporaragon.com\/fr\/localites\/artieda\/","title":{"rendered":"Artieda"},"content":{"rendered":"\n<p>Sur un promontoire au sud du r\u00e9servoir de Yesa, Artieda vit dans l&rsquo;attente des d\u00e9cisions administratives sur la repousse, mais en m\u00eame temps elle maintient une activit\u00e9 socio-\u00e9conomique enviable gr\u00e2ce au pourcentage \u00e9lev\u00e9 de population jeune et entreprenante. <\/p>\n\n<p>Quand on dit Artieda, la premi\u00e8re chose qui vient \u00e0 l&rsquo;esprit est le r\u00e9servoir de Yesa. A l&rsquo;int\u00e9rieur et \u00e0 l&rsquo;ext\u00e9rieur des fronti\u00e8res aragonaises, la lutte que ses habitants m\u00e8nent depuis des ann\u00e9es pour que leurs champs et leurs moyens de subsistance ne soient pas noy\u00e9s sous les eaux.<\/p>\n\n<p>Cependant, Artieda signifie beaucoup plus. Sa situation \u00e0 la fronti\u00e8re entre les royaumes de Navarre et d&rsquo;Aragon lui a donn\u00e9 un caract\u00e8re tr\u00e8s particulier. Cette ville pr\u00e9sente une bonne offre de tourisme rural dans le tron\u00e7on aragonais du Camino de Santiago, puisqu&rsquo;en plus de l&rsquo;auberge des p\u00e8lerins, elle dispose de deux maisons qui offrent un h\u00e9bergement aux touristes, voyageurs et p\u00e8lerins.<\/p>\n\n<p><strong>Web:\u00a0<\/strong><a href=\"http:\/\/www.artieda.es\/\" target=\"_blank\" rel=\"noreferrer noopener\">www.artieda.es<\/a><\/p>\n","protected":false},"featured_media":6377,"parent":0,"template":"","meta":[],"zona":[43],"class_list":["post-6916","localidades","type-localidades","status-publish","has-post-thumbnail","hentry","zona-aragon-fr"],"yoast_head":"<!-- This site is optimized with the Yoast SEO plugin v27.4 - https:\/\/yoast.com\/product\/yoast-seo-wordpress\/ -->\n<title>Artieda - Camino de Santiago por Arag\u00f3n | Donde t\u00fa eres la estrella<\/title>\n<meta name=\"robots\" content=\"index, follow, max-snippet:-1, max-image-preview:large, max-video-preview:-1\" \/>\n<link rel=\"canonical\" href=\"https:\/\/caminodesantiagoporaragon.com\/fr\/localites\/artieda\/\" \/>\n<meta property=\"og:locale\" content=\"fr_FR\" \/>\n<meta property=\"og:type\" content=\"article\" \/>\n<meta property=\"og:title\" content=\"Artieda - Camino de Santiago por Arag\u00f3n | Donde t\u00fa eres la estrella\" \/>\n<meta property=\"og:description\" content=\"Sur un promontoire au sud du r\u00e9servoir de Yesa, Artieda vit dans l&rsquo;attente des d\u00e9cisions administratives sur la repousse, mais en m\u00eame temps elle maintient une activit\u00e9 socio-\u00e9conomique enviable gr\u00e2ce au pourcentage \u00e9lev\u00e9 de population jeune et entreprenante. Quand on dit Artieda, la premi\u00e8re chose qui vient \u00e0 l&rsquo;esprit est le r\u00e9servoir de Yesa. A [&hellip;]\" \/>\n<meta property=\"og:url\" content=\"https:\/\/caminodesantiagoporaragon.com\/fr\/localites\/artieda\/\" \/>\n<meta property=\"og:site_name\" content=\"Camino de Santiago por Arag\u00f3n | Donde t\u00fa eres la estrella\" \/>\n<meta property=\"article:publisher\" content=\"https:\/\/www.facebook.com\/caminodesantiagoporaragon\/\" \/>\n<meta property=\"article:modified_time\" content=\"2021-06-16T10:15:39+00:00\" \/>\n<meta property=\"og:image\" content=\"https:\/\/caminodesantiagoporaragon.com\/wp-content\/uploads\/2021\/02\/descarga-12.jpg\" \/>\n\t<meta property=\"og:image:width\" content=\"1708\" \/>\n\t<meta property=\"og:image:height\" content=\"552\" \/>\n\t<meta property=\"og:image:type\" content=\"image\/jpeg\" \/>\n<meta name=\"twitter:card\" content=\"summary_large_image\" \/>\n<meta name=\"twitter:site\" content=\"@CSantiagoAragon\" \/>\n<meta name=\"twitter:label1\" content=\"Dur\u00e9e de lecture estim\u00e9e\" \/>\n\t<meta name=\"twitter:data1\" content=\"1 minute\" \/>\n<script type=\"application\/ld+json\" class=\"yoast-schema-graph\">{\"@context\":\"https:\\\/\\\/schema.org\",\"@graph\":[{\"@type\":\"WebPage\",\"@id\":\"https:\\\/\\\/caminodesantiagoporaragon.com\\\/fr\\\/localites\\\/artieda\\\/\",\"url\":\"https:\\\/\\\/caminodesantiagoporaragon.com\\\/fr\\\/localites\\\/artieda\\\/\",\"name\":\"Artieda - Camino de Santiago por Arag\u00f3n | Donde t\u00fa eres la estrella\",\"isPartOf\":{\"@id\":\"https:\\\/\\\/caminodesantiagoporaragon.com\\\/fr\\\/#website\"},\"primaryImageOfPage\":{\"@id\":\"https:\\\/\\\/caminodesantiagoporaragon.com\\\/fr\\\/localites\\\/artieda\\\/#primaryimage\"},\"image\":{\"@id\":\"https:\\\/\\\/caminodesantiagoporaragon.com\\\/fr\\\/localites\\\/artieda\\\/#primaryimage\"},\"thumbnailUrl\":\"https:\\\/\\\/caminodesantiagoporaragon.com\\\/wp-content\\\/uploads\\\/2021\\\/02\\\/descarga-12.jpg\",\"datePublished\":\"2021-02-09T13:51:37+00:00\",\"dateModified\":\"2021-06-16T10:15:39+00:00\",\"breadcrumb\":{\"@id\":\"https:\\\/\\\/caminodesantiagoporaragon.com\\\/fr\\\/localites\\\/artieda\\\/#breadcrumb\"},\"inLanguage\":\"fr-FR\",\"potentialAction\":[{\"@type\":\"ReadAction\",\"target\":[\"https:\\\/\\\/caminodesantiagoporaragon.com\\\/fr\\\/localites\\\/artieda\\\/\"]}]},{\"@type\":\"ImageObject\",\"inLanguage\":\"fr-FR\",\"@id\":\"https:\\\/\\\/caminodesantiagoporaragon.com\\\/fr\\\/localites\\\/artieda\\\/#primaryimage\",\"url\":\"https:\\\/\\\/caminodesantiagoporaragon.com\\\/wp-content\\\/uploads\\\/2021\\\/02\\\/descarga-12.jpg\",\"contentUrl\":\"https:\\\/\\\/caminodesantiagoporaragon.com\\\/wp-content\\\/uploads\\\/2021\\\/02\\\/descarga-12.jpg\",\"width\":1708,\"height\":552},{\"@type\":\"BreadcrumbList\",\"@id\":\"https:\\\/\\\/caminodesantiagoporaragon.com\\\/fr\\\/localites\\\/artieda\\\/#breadcrumb\",\"itemListElement\":[{\"@type\":\"ListItem\",\"position\":1,\"name\":\"Inicio\",\"item\":\"https:\\\/\\\/caminodesantiagoporaragon.com\\\/fr\\\/\"},{\"@type\":\"ListItem\",\"position\":2,\"name\":\"Localites\",\"item\":\"https:\\\/\\\/caminodesantiagoporaragon.com\\\/fr\\\/localites\\\/\"},{\"@type\":\"ListItem\",\"position\":3,\"name\":\"Artieda\"}]},{\"@type\":\"WebSite\",\"@id\":\"https:\\\/\\\/caminodesantiagoporaragon.com\\\/fr\\\/#website\",\"url\":\"https:\\\/\\\/caminodesantiagoporaragon.com\\\/fr\\\/\",\"name\":\"Camino de Santiago por Arag\u00f3n | Donde t\u00fa eres la estrella\",\"description\":\"El Camino de Santiago por Arag\u00f3n es nuestro legado. Bienvenidos a vivir, a disfrutar y comprender el camino franc\u00e9s por Arag\u00f3n, Patrimonio de la Humanidad.\",\"publisher\":{\"@id\":\"https:\\\/\\\/caminodesantiagoporaragon.com\\\/fr\\\/#organization\"},\"potentialAction\":[{\"@type\":\"SearchAction\",\"target\":{\"@type\":\"EntryPoint\",\"urlTemplate\":\"https:\\\/\\\/caminodesantiagoporaragon.com\\\/fr\\\/?s={search_term_string}\"},\"query-input\":{\"@type\":\"PropertyValueSpecification\",\"valueRequired\":true,\"valueName\":\"search_term_string\"}}],\"inLanguage\":\"fr-FR\"},{\"@type\":\"Organization\",\"@id\":\"https:\\\/\\\/caminodesantiagoporaragon.com\\\/fr\\\/#organization\",\"name\":\"Turismo de Arag\u00f3n\",\"url\":\"https:\\\/\\\/caminodesantiagoporaragon.com\\\/fr\\\/\",\"logo\":{\"@type\":\"ImageObject\",\"inLanguage\":\"fr-FR\",\"@id\":\"https:\\\/\\\/caminodesantiagoporaragon.com\\\/fr\\\/#\\\/schema\\\/logo\\\/image\\\/\",\"url\":\"https:\\\/\\\/caminodesantiagoporaragon.com\\\/wp-content\\\/uploads\\\/2021\\\/07\\\/foro-profesionales-turismo-de-aragon.jpg\",\"contentUrl\":\"https:\\\/\\\/caminodesantiagoporaragon.com\\\/wp-content\\\/uploads\\\/2021\\\/07\\\/foro-profesionales-turismo-de-aragon.jpg\",\"width\":429,\"height\":415,\"caption\":\"Turismo de Arag\u00f3n\"},\"image\":{\"@id\":\"https:\\\/\\\/caminodesantiagoporaragon.com\\\/fr\\\/#\\\/schema\\\/logo\\\/image\\\/\"},\"sameAs\":[\"https:\\\/\\\/www.facebook.com\\\/caminodesantiagoporaragon\\\/\",\"https:\\\/\\\/x.com\\\/CSantiagoAragon\",\"https:\\\/\\\/www.instagram.com\\\/caminodesantiagoporaragon\\\/\",\"https:\\\/\\\/www.youtube.com\\\/channel\\\/UCxJoNlG90Gi-WjTm24Jgkag\"]}]}<\/script>\n<!-- \/ Yoast SEO plugin. -->","yoast_head_json":{"title":"Artieda - Camino de Santiago por Arag\u00f3n | Donde t\u00fa eres la estrella","robots":{"index":"index","follow":"follow","max-snippet":"max-snippet:-1","max-image-preview":"max-image-preview:large","max-video-preview":"max-video-preview:-1"},"canonical":"https:\/\/caminodesantiagoporaragon.com\/fr\/localites\/artieda\/","og_locale":"fr_FR","og_type":"article","og_title":"Artieda - Camino de Santiago por Arag\u00f3n | Donde t\u00fa eres la estrella","og_description":"Sur un promontoire au sud du r\u00e9servoir de Yesa, Artieda vit dans l&rsquo;attente des d\u00e9cisions administratives sur la repousse, mais en m\u00eame temps elle maintient une activit\u00e9 socio-\u00e9conomique enviable gr\u00e2ce au pourcentage \u00e9lev\u00e9 de population jeune et entreprenante. Quand on dit Artieda, la premi\u00e8re chose qui vient \u00e0 l&rsquo;esprit est le r\u00e9servoir de Yesa. A [&hellip;]","og_url":"https:\/\/caminodesantiagoporaragon.com\/fr\/localites\/artieda\/","og_site_name":"Camino de Santiago por Arag\u00f3n | Donde t\u00fa eres la estrella","article_publisher":"https:\/\/www.facebook.com\/caminodesantiagoporaragon\/","article_modified_time":"2021-06-16T10:15:39+00:00","og_image":[{"width":1708,"height":552,"url":"https:\/\/caminodesantiagoporaragon.com\/wp-content\/uploads\/2021\/02\/descarga-12.jpg","type":"image\/jpeg"}],"twitter_card":"summary_large_image","twitter_site":"@CSantiagoAragon","twitter_misc":{"Dur\u00e9e de lecture estim\u00e9e":"1 minute"},"schema":{"@context":"https:\/\/schema.org","@graph":[{"@type":"WebPage","@id":"https:\/\/caminodesantiagoporaragon.com\/fr\/localites\/artieda\/","url":"https:\/\/caminodesantiagoporaragon.com\/fr\/localites\/artieda\/","name":"Artieda - Camino de Santiago por Arag\u00f3n | Donde t\u00fa eres la estrella","isPartOf":{"@id":"https:\/\/caminodesantiagoporaragon.com\/fr\/#website"},"primaryImageOfPage":{"@id":"https:\/\/caminodesantiagoporaragon.com\/fr\/localites\/artieda\/#primaryimage"},"image":{"@id":"https:\/\/caminodesantiagoporaragon.com\/fr\/localites\/artieda\/#primaryimage"},"thumbnailUrl":"https:\/\/caminodesantiagoporaragon.com\/wp-content\/uploads\/2021\/02\/descarga-12.jpg","datePublished":"2021-02-09T13:51:37+00:00","dateModified":"2021-06-16T10:15:39+00:00","breadcrumb":{"@id":"https:\/\/caminodesantiagoporaragon.com\/fr\/localites\/artieda\/#breadcrumb"},"inLanguage":"fr-FR","potentialAction":[{"@type":"ReadAction","target":["https:\/\/caminodesantiagoporaragon.com\/fr\/localites\/artieda\/"]}]},{"@type":"ImageObject","inLanguage":"fr-FR","@id":"https:\/\/caminodesantiagoporaragon.com\/fr\/localites\/artieda\/#primaryimage","url":"https:\/\/caminodesantiagoporaragon.com\/wp-content\/uploads\/2021\/02\/descarga-12.jpg","contentUrl":"https:\/\/caminodesantiagoporaragon.com\/wp-content\/uploads\/2021\/02\/descarga-12.jpg","width":1708,"height":552},{"@type":"BreadcrumbList","@id":"https:\/\/caminodesantiagoporaragon.com\/fr\/localites\/artieda\/#breadcrumb","itemListElement":[{"@type":"ListItem","position":1,"name":"Inicio","item":"https:\/\/caminodesantiagoporaragon.com\/fr\/"},{"@type":"ListItem","position":2,"name":"Localites","item":"https:\/\/caminodesantiagoporaragon.com\/fr\/localites\/"},{"@type":"ListItem","position":3,"name":"Artieda"}]},{"@type":"WebSite","@id":"https:\/\/caminodesantiagoporaragon.com\/fr\/#website","url":"https:\/\/caminodesantiagoporaragon.com\/fr\/","name":"Camino de Santiago por Arag\u00f3n | Donde t\u00fa eres la estrella","description":"El Camino de Santiago por Arag\u00f3n es nuestro legado. Bienvenidos a vivir, a disfrutar y comprender el camino franc\u00e9s por Arag\u00f3n, Patrimonio de la Humanidad.","publisher":{"@id":"https:\/\/caminodesantiagoporaragon.com\/fr\/#organization"},"potentialAction":[{"@type":"SearchAction","target":{"@type":"EntryPoint","urlTemplate":"https:\/\/caminodesantiagoporaragon.com\/fr\/?s={search_term_string}"},"query-input":{"@type":"PropertyValueSpecification","valueRequired":true,"valueName":"search_term_string"}}],"inLanguage":"fr-FR"},{"@type":"Organization","@id":"https:\/\/caminodesantiagoporaragon.com\/fr\/#organization","name":"Turismo de Arag\u00f3n","url":"https:\/\/caminodesantiagoporaragon.com\/fr\/","logo":{"@type":"ImageObject","inLanguage":"fr-FR","@id":"https:\/\/caminodesantiagoporaragon.com\/fr\/#\/schema\/logo\/image\/","url":"https:\/\/caminodesantiagoporaragon.com\/wp-content\/uploads\/2021\/07\/foro-profesionales-turismo-de-aragon.jpg","contentUrl":"https:\/\/caminodesantiagoporaragon.com\/wp-content\/uploads\/2021\/07\/foro-profesionales-turismo-de-aragon.jpg","width":429,"height":415,"caption":"Turismo de Arag\u00f3n"},"image":{"@id":"https:\/\/caminodesantiagoporaragon.com\/fr\/#\/schema\/logo\/image\/"},"sameAs":["https:\/\/www.facebook.com\/caminodesantiagoporaragon\/","https:\/\/x.com\/CSantiagoAragon","https:\/\/www.instagram.com\/caminodesantiagoporaragon\/","https:\/\/www.youtube.com\/channel\/UCxJoNlG90Gi-WjTm24Jgkag"]}]}},"_links":{"self":[{"href":"https:\/\/caminodesantiagoporaragon.com\/fr\/wp-json\/wp\/v2\/localidades\/6916","targetHints":{"allow":["GET"]}}],"collection":[{"href":"https:\/\/caminodesantiagoporaragon.com\/fr\/wp-json\/wp\/v2\/localidades"}],"about":[{"href":"https:\/\/caminodesantiagoporaragon.com\/fr\/wp-json\/wp\/v2\/types\/localidades"}],"version-history":[{"count":0,"href":"https:\/\/caminodesantiagoporaragon.com\/fr\/wp-json\/wp\/v2\/localidades\/6916\/revisions"}],"wp:featuredmedia":[{"embeddable":true,"href":"https:\/\/caminodesantiagoporaragon.com\/fr\/wp-json\/wp\/v2\/media\/6377"}],"wp:attachment":[{"href":"https:\/\/caminodesantiagoporaragon.com\/fr\/wp-json\/wp\/v2\/media?parent=6916"}],"wp:term":[{"taxonomy":"zona","embeddable":true,"href":"https:\/\/caminodesantiagoporaragon.com\/fr\/wp-json\/wp\/v2\/zona?post=6916"}],"curies":[{"name":"wp","href":"https:\/\/api.w.org\/{rel}","templated":true}]}}