{"id":6972,"date":"2021-04-06T15:14:53","date_gmt":"2021-04-06T15:14:53","guid":{"rendered":"https:\/\/caminosantiago.msalaskreacion.es\/localidades\/borce\/"},"modified":"2021-07-26T11:39:25","modified_gmt":"2021-07-26T11:39:25","slug":"borce","status":"publish","type":"localidades","link":"https:\/\/caminodesantiagoporaragon.com\/fr\/localites\/borce\/","title":{"rendered":"Borce"},"content":{"rendered":"\n<p>Au c\u0153ur de la Vall\u00e9e d\u2019Aspe, au nord du chemin de la M\u00e2ture et du fort du Portalet, le village m\u00e9di\u00e9val de Borce accueille, depuis des temps imm\u00e9moriaux, les p\u00e8lerins se dirigeant vers Compostelle.<\/p>\n\n<p>Avec une existence attest\u00e9e au moins d\u00e8s le XIVe si\u00e8cle, Borce a toujours \u00e9t\u00e9 \u00e0 vocation agricole. Proche de la fronti\u00e8re espagnole, il est soumis au trait\u00e9 de Bayonne de 1862 permettant \u00e0 certains bergers espagnols de faire pa\u00eetre leurs b\u00eates sur le territoire de la commune.<\/p>\n\n<p>Aujourd&rsquo;hui, Borce est en grande partie tourn\u00e9 vers le tourisme, offrant un patrimoine architectural int\u00e9ressant, ainsi que de beaux sites naturels. Les plus gourmands appr\u00e9cieront \u00e9galement la gastronomie locale, le village faisant partie de la zone d&rsquo;appellation du fromage ossau-iraty.<\/p>\n","protected":false},"featured_media":8370,"parent":0,"template":"","meta":[],"zona":[44],"class_list":["post-6972","localidades","type-localidades","status-publish","has-post-thumbnail","hentry","zona-francia-fr"],"yoast_head":"<!-- This site is optimized with the Yoast SEO plugin v27.4 - https:\/\/yoast.com\/product\/yoast-seo-wordpress\/ -->\n<title>Borce - Camino de Santiago por Arag\u00f3n | Donde t\u00fa eres la estrella<\/title>\n<meta name=\"robots\" content=\"index, follow, max-snippet:-1, max-image-preview:large, max-video-preview:-1\" \/>\n<link rel=\"canonical\" href=\"https:\/\/caminodesantiagoporaragon.com\/fr\/localites\/borce\/\" \/>\n<meta property=\"og:locale\" content=\"fr_FR\" \/>\n<meta property=\"og:type\" content=\"article\" \/>\n<meta property=\"og:title\" content=\"Borce - Camino de Santiago por Arag\u00f3n | Donde t\u00fa eres la estrella\" \/>\n<meta property=\"og:description\" content=\"Au c\u0153ur de la Vall\u00e9e d\u2019Aspe, au nord du chemin de la M\u00e2ture et du fort du Portalet, le village m\u00e9di\u00e9val de Borce accueille, depuis des temps imm\u00e9moriaux, les p\u00e8lerins se dirigeant vers Compostelle. Avec une existence attest\u00e9e au moins d\u00e8s le XIVe si\u00e8cle, Borce a toujours \u00e9t\u00e9 \u00e0 vocation agricole. Proche de la fronti\u00e8re [&hellip;]\" \/>\n<meta property=\"og:url\" content=\"https:\/\/caminodesantiagoporaragon.com\/fr\/localites\/borce\/\" \/>\n<meta property=\"og:site_name\" content=\"Camino de Santiago por Arag\u00f3n | Donde t\u00fa eres la estrella\" \/>\n<meta property=\"article:publisher\" content=\"https:\/\/www.facebook.com\/caminodesantiagoporaragon\/\" \/>\n<meta property=\"article:modified_time\" content=\"2021-07-26T11:39:25+00:00\" \/>\n<meta property=\"og:image\" content=\"https:\/\/caminodesantiagoporaragon.com\/wp-content\/uploads\/2021\/10\/13-borce-2.jpg\" \/>\n\t<meta property=\"og:image:width\" content=\"1500\" \/>\n\t<meta property=\"og:image:height\" content=\"998\" \/>\n\t<meta property=\"og:image:type\" content=\"image\/jpeg\" \/>\n<meta name=\"twitter:card\" content=\"summary_large_image\" \/>\n<meta name=\"twitter:site\" content=\"@CSantiagoAragon\" \/>\n<meta name=\"twitter:label1\" content=\"Dur\u00e9e de lecture estim\u00e9e\" \/>\n\t<meta name=\"twitter:data1\" content=\"1 minute\" \/>\n<script type=\"application\/ld+json\" class=\"yoast-schema-graph\">{\"@context\":\"https:\\\/\\\/schema.org\",\"@graph\":[{\"@type\":\"WebPage\",\"@id\":\"https:\\\/\\\/caminodesantiagoporaragon.com\\\/fr\\\/localites\\\/borce\\\/\",\"url\":\"https:\\\/\\\/caminodesantiagoporaragon.com\\\/fr\\\/localites\\\/borce\\\/\",\"name\":\"Borce - Camino de Santiago por Arag\u00f3n | Donde t\u00fa eres la estrella\",\"isPartOf\":{\"@id\":\"https:\\\/\\\/caminodesantiagoporaragon.com\\\/fr\\\/#website\"},\"primaryImageOfPage\":{\"@id\":\"https:\\\/\\\/caminodesantiagoporaragon.com\\\/fr\\\/localites\\\/borce\\\/#primaryimage\"},\"image\":{\"@id\":\"https:\\\/\\\/caminodesantiagoporaragon.com\\\/fr\\\/localites\\\/borce\\\/#primaryimage\"},\"thumbnailUrl\":\"https:\\\/\\\/caminodesantiagoporaragon.com\\\/wp-content\\\/uploads\\\/2021\\\/10\\\/13-borce-2.jpg\",\"datePublished\":\"2021-04-06T15:14:53+00:00\",\"dateModified\":\"2021-07-26T11:39:25+00:00\",\"breadcrumb\":{\"@id\":\"https:\\\/\\\/caminodesantiagoporaragon.com\\\/fr\\\/localites\\\/borce\\\/#breadcrumb\"},\"inLanguage\":\"fr-FR\",\"potentialAction\":[{\"@type\":\"ReadAction\",\"target\":[\"https:\\\/\\\/caminodesantiagoporaragon.com\\\/fr\\\/localites\\\/borce\\\/\"]}]},{\"@type\":\"ImageObject\",\"inLanguage\":\"fr-FR\",\"@id\":\"https:\\\/\\\/caminodesantiagoporaragon.com\\\/fr\\\/localites\\\/borce\\\/#primaryimage\",\"url\":\"https:\\\/\\\/caminodesantiagoporaragon.com\\\/wp-content\\\/uploads\\\/2021\\\/10\\\/13-borce-2.jpg\",\"contentUrl\":\"https:\\\/\\\/caminodesantiagoporaragon.com\\\/wp-content\\\/uploads\\\/2021\\\/10\\\/13-borce-2.jpg\",\"width\":1500,\"height\":998,\"caption\":\"Borce 3\"},{\"@type\":\"BreadcrumbList\",\"@id\":\"https:\\\/\\\/caminodesantiagoporaragon.com\\\/fr\\\/localites\\\/borce\\\/#breadcrumb\",\"itemListElement\":[{\"@type\":\"ListItem\",\"position\":1,\"name\":\"Inicio\",\"item\":\"https:\\\/\\\/caminodesantiagoporaragon.com\\\/fr\\\/\"},{\"@type\":\"ListItem\",\"position\":2,\"name\":\"Localites\",\"item\":\"https:\\\/\\\/caminodesantiagoporaragon.com\\\/fr\\\/localites\\\/\"},{\"@type\":\"ListItem\",\"position\":3,\"name\":\"Borce\"}]},{\"@type\":\"WebSite\",\"@id\":\"https:\\\/\\\/caminodesantiagoporaragon.com\\\/fr\\\/#website\",\"url\":\"https:\\\/\\\/caminodesantiagoporaragon.com\\\/fr\\\/\",\"name\":\"Camino de Santiago por Arag\u00f3n | Donde t\u00fa eres la estrella\",\"description\":\"El Camino de Santiago por Arag\u00f3n es nuestro legado. Bienvenidos a vivir, a disfrutar y comprender el camino franc\u00e9s por Arag\u00f3n, Patrimonio de la Humanidad.\",\"publisher\":{\"@id\":\"https:\\\/\\\/caminodesantiagoporaragon.com\\\/fr\\\/#organization\"},\"potentialAction\":[{\"@type\":\"SearchAction\",\"target\":{\"@type\":\"EntryPoint\",\"urlTemplate\":\"https:\\\/\\\/caminodesantiagoporaragon.com\\\/fr\\\/?s={search_term_string}\"},\"query-input\":{\"@type\":\"PropertyValueSpecification\",\"valueRequired\":true,\"valueName\":\"search_term_string\"}}],\"inLanguage\":\"fr-FR\"},{\"@type\":\"Organization\",\"@id\":\"https:\\\/\\\/caminodesantiagoporaragon.com\\\/fr\\\/#organization\",\"name\":\"Turismo de Arag\u00f3n\",\"url\":\"https:\\\/\\\/caminodesantiagoporaragon.com\\\/fr\\\/\",\"logo\":{\"@type\":\"ImageObject\",\"inLanguage\":\"fr-FR\",\"@id\":\"https:\\\/\\\/caminodesantiagoporaragon.com\\\/fr\\\/#\\\/schema\\\/logo\\\/image\\\/\",\"url\":\"https:\\\/\\\/caminodesantiagoporaragon.com\\\/wp-content\\\/uploads\\\/2021\\\/07\\\/foro-profesionales-turismo-de-aragon.jpg\",\"contentUrl\":\"https:\\\/\\\/caminodesantiagoporaragon.com\\\/wp-content\\\/uploads\\\/2021\\\/07\\\/foro-profesionales-turismo-de-aragon.jpg\",\"width\":429,\"height\":415,\"caption\":\"Turismo de Arag\u00f3n\"},\"image\":{\"@id\":\"https:\\\/\\\/caminodesantiagoporaragon.com\\\/fr\\\/#\\\/schema\\\/logo\\\/image\\\/\"},\"sameAs\":[\"https:\\\/\\\/www.facebook.com\\\/caminodesantiagoporaragon\\\/\",\"https:\\\/\\\/x.com\\\/CSantiagoAragon\",\"https:\\\/\\\/www.instagram.com\\\/caminodesantiagoporaragon\\\/\",\"https:\\\/\\\/www.youtube.com\\\/channel\\\/UCxJoNlG90Gi-WjTm24Jgkag\"]}]}<\/script>\n<!-- \/ Yoast SEO plugin. -->","yoast_head_json":{"title":"Borce - Camino de Santiago por Arag\u00f3n | Donde t\u00fa eres la estrella","robots":{"index":"index","follow":"follow","max-snippet":"max-snippet:-1","max-image-preview":"max-image-preview:large","max-video-preview":"max-video-preview:-1"},"canonical":"https:\/\/caminodesantiagoporaragon.com\/fr\/localites\/borce\/","og_locale":"fr_FR","og_type":"article","og_title":"Borce - Camino de Santiago por Arag\u00f3n | Donde t\u00fa eres la estrella","og_description":"Au c\u0153ur de la Vall\u00e9e d\u2019Aspe, au nord du chemin de la M\u00e2ture et du fort du Portalet, le village m\u00e9di\u00e9val de Borce accueille, depuis des temps imm\u00e9moriaux, les p\u00e8lerins se dirigeant vers Compostelle. Avec une existence attest\u00e9e au moins d\u00e8s le XIVe si\u00e8cle, Borce a toujours \u00e9t\u00e9 \u00e0 vocation agricole. Proche de la fronti\u00e8re [&hellip;]","og_url":"https:\/\/caminodesantiagoporaragon.com\/fr\/localites\/borce\/","og_site_name":"Camino de Santiago por Arag\u00f3n | Donde t\u00fa eres la estrella","article_publisher":"https:\/\/www.facebook.com\/caminodesantiagoporaragon\/","article_modified_time":"2021-07-26T11:39:25+00:00","og_image":[{"width":1500,"height":998,"url":"https:\/\/caminodesantiagoporaragon.com\/wp-content\/uploads\/2021\/10\/13-borce-2.jpg","type":"image\/jpeg"}],"twitter_card":"summary_large_image","twitter_site":"@CSantiagoAragon","twitter_misc":{"Dur\u00e9e de lecture estim\u00e9e":"1 minute"},"schema":{"@context":"https:\/\/schema.org","@graph":[{"@type":"WebPage","@id":"https:\/\/caminodesantiagoporaragon.com\/fr\/localites\/borce\/","url":"https:\/\/caminodesantiagoporaragon.com\/fr\/localites\/borce\/","name":"Borce - Camino de Santiago por Arag\u00f3n | Donde t\u00fa eres la estrella","isPartOf":{"@id":"https:\/\/caminodesantiagoporaragon.com\/fr\/#website"},"primaryImageOfPage":{"@id":"https:\/\/caminodesantiagoporaragon.com\/fr\/localites\/borce\/#primaryimage"},"image":{"@id":"https:\/\/caminodesantiagoporaragon.com\/fr\/localites\/borce\/#primaryimage"},"thumbnailUrl":"https:\/\/caminodesantiagoporaragon.com\/wp-content\/uploads\/2021\/10\/13-borce-2.jpg","datePublished":"2021-04-06T15:14:53+00:00","dateModified":"2021-07-26T11:39:25+00:00","breadcrumb":{"@id":"https:\/\/caminodesantiagoporaragon.com\/fr\/localites\/borce\/#breadcrumb"},"inLanguage":"fr-FR","potentialAction":[{"@type":"ReadAction","target":["https:\/\/caminodesantiagoporaragon.com\/fr\/localites\/borce\/"]}]},{"@type":"ImageObject","inLanguage":"fr-FR","@id":"https:\/\/caminodesantiagoporaragon.com\/fr\/localites\/borce\/#primaryimage","url":"https:\/\/caminodesantiagoporaragon.com\/wp-content\/uploads\/2021\/10\/13-borce-2.jpg","contentUrl":"https:\/\/caminodesantiagoporaragon.com\/wp-content\/uploads\/2021\/10\/13-borce-2.jpg","width":1500,"height":998,"caption":"Borce 3"},{"@type":"BreadcrumbList","@id":"https:\/\/caminodesantiagoporaragon.com\/fr\/localites\/borce\/#breadcrumb","itemListElement":[{"@type":"ListItem","position":1,"name":"Inicio","item":"https:\/\/caminodesantiagoporaragon.com\/fr\/"},{"@type":"ListItem","position":2,"name":"Localites","item":"https:\/\/caminodesantiagoporaragon.com\/fr\/localites\/"},{"@type":"ListItem","position":3,"name":"Borce"}]},{"@type":"WebSite","@id":"https:\/\/caminodesantiagoporaragon.com\/fr\/#website","url":"https:\/\/caminodesantiagoporaragon.com\/fr\/","name":"Camino de Santiago por Arag\u00f3n | Donde t\u00fa eres la estrella","description":"El Camino de Santiago por Arag\u00f3n es nuestro legado. Bienvenidos a vivir, a disfrutar y comprender el camino franc\u00e9s por Arag\u00f3n, Patrimonio de la Humanidad.","publisher":{"@id":"https:\/\/caminodesantiagoporaragon.com\/fr\/#organization"},"potentialAction":[{"@type":"SearchAction","target":{"@type":"EntryPoint","urlTemplate":"https:\/\/caminodesantiagoporaragon.com\/fr\/?s={search_term_string}"},"query-input":{"@type":"PropertyValueSpecification","valueRequired":true,"valueName":"search_term_string"}}],"inLanguage":"fr-FR"},{"@type":"Organization","@id":"https:\/\/caminodesantiagoporaragon.com\/fr\/#organization","name":"Turismo de Arag\u00f3n","url":"https:\/\/caminodesantiagoporaragon.com\/fr\/","logo":{"@type":"ImageObject","inLanguage":"fr-FR","@id":"https:\/\/caminodesantiagoporaragon.com\/fr\/#\/schema\/logo\/image\/","url":"https:\/\/caminodesantiagoporaragon.com\/wp-content\/uploads\/2021\/07\/foro-profesionales-turismo-de-aragon.jpg","contentUrl":"https:\/\/caminodesantiagoporaragon.com\/wp-content\/uploads\/2021\/07\/foro-profesionales-turismo-de-aragon.jpg","width":429,"height":415,"caption":"Turismo de Arag\u00f3n"},"image":{"@id":"https:\/\/caminodesantiagoporaragon.com\/fr\/#\/schema\/logo\/image\/"},"sameAs":["https:\/\/www.facebook.com\/caminodesantiagoporaragon\/","https:\/\/x.com\/CSantiagoAragon","https:\/\/www.instagram.com\/caminodesantiagoporaragon\/","https:\/\/www.youtube.com\/channel\/UCxJoNlG90Gi-WjTm24Jgkag"]}]}},"_links":{"self":[{"href":"https:\/\/caminodesantiagoporaragon.com\/fr\/wp-json\/wp\/v2\/localidades\/6972","targetHints":{"allow":["GET"]}}],"collection":[{"href":"https:\/\/caminodesantiagoporaragon.com\/fr\/wp-json\/wp\/v2\/localidades"}],"about":[{"href":"https:\/\/caminodesantiagoporaragon.com\/fr\/wp-json\/wp\/v2\/types\/localidades"}],"version-history":[{"count":0,"href":"https:\/\/caminodesantiagoporaragon.com\/fr\/wp-json\/wp\/v2\/localidades\/6972\/revisions"}],"wp:featuredmedia":[{"embeddable":true,"href":"https:\/\/caminodesantiagoporaragon.com\/fr\/wp-json\/wp\/v2\/media\/8370"}],"wp:attachment":[{"href":"https:\/\/caminodesantiagoporaragon.com\/fr\/wp-json\/wp\/v2\/media?parent=6972"}],"wp:term":[{"taxonomy":"zona","embeddable":true,"href":"https:\/\/caminodesantiagoporaragon.com\/fr\/wp-json\/wp\/v2\/zona?post=6972"}],"curies":[{"name":"wp","href":"https:\/\/api.w.org\/{rel}","templated":true}]}}